{"id":18,"date":"2024-11-27T18:43:13","date_gmt":"2024-11-27T17:43:13","guid":{"rendered":"http:\/\/ffw-linswege.de\/?page_id=18"},"modified":"2026-02-15T22:17:46","modified_gmt":"2026-02-15T21:17:46","slug":"startseite","status":"publish","type":"page","link":"https:\/\/ffw-linswege.de\/","title":{"rendered":"Willkommen"},"content":{"rendered":"\n<h2 class=\"wp-block-heading alignwide has-text-align-center\">bei der Freiwilligen Feuerwehr Linswege<\/h2>\n\n\n\n<p class=\"has-text-align-center\">Seit unserer Gr\u00fcndung am <strong>1. Februar 1925<\/strong> stehen wir als starke Gemeinschaft f\u00fcr Sicherheit und Hilfe in Linswege und Umgebung. Unter der Leitung unseres <strong>Ortsbrandmeisters Timo Hedenkamp<\/strong> sind wir mit Leidenschaft, Engagement und Teamgeist im Einsatz \u2013 ob bei Br\u00e4nden, technischen Hilfeleistungen oder Veranstaltungen in der Gemeinde.<\/p>\n\n\n\n<p class=\"has-text-align-center\">Unser <strong>LF 8\/6<\/strong> ist stets einsatzbereit, um in Notlagen schnell und zuverl\u00e4ssig Hilfe zu leisten. Doch Feuerwehr bedeutet mehr als Eins\u00e4tze \u2013 es ist Kameradschaft, Ausbildung und ein starkes Miteinander.<\/p>\n\n\n\n<div class=\"wp-block-query alignwide is-layout-flow wp-block-query-is-layout-flow\"><ul style=\"border-radius:10px;\" class=\"has-link-color wp-elements-a70ec36bfd786f5d3c1ad8baf69bc06f wp-block-post-template has-text-color has-base-color has-background has-custom-feuerwehr-rot-background-color is-layout-flow wp-block-post-template-is-layout-flow\"><li class=\"wp-block-post post-1343 post type-post status-publish format-standard has-post-thumbnail hentry category-einsatz category-hilfeleistung\">\n\n<div class=\"wp-block-columns alignwide is-layout-flex wp-container-core-columns-is-layout-28f84493 wp-block-columns-is-layout-flex wp-elements-a70ec36bfd786f5d3c1ad8baf69bc06f\">\n<div class=\"wp-block-column is-layout-flow wp-block-column-is-layout-flow\" style=\"flex-basis:66.66%\"><figure style=\"aspect-ratio:16\/9; padding-right:var(--wp--preset--spacing--30);padding-left:var(--wp--preset--spacing--30);padding-top:var(--wp--preset--spacing--30);padding-bottom:var(--wp--preset--spacing--30);\" class=\"wp-block-post-featured-image wp-duotone-unset-1\"><a href=\"https:\/\/ffw-linswege.de\/?p=1343\" target=\"_self\"  ><img loading=\"lazy\" decoding=\"async\" width=\"1024\" height=\"1024\" src=\"https:\/\/ffw-linswege.de\/wp-content\/uploads\/2026\/03\/20260224_01.jpg\" class=\"attachment-post-thumbnail size-post-thumbnail wp-post-image\" alt=\"Einsatz: H1 &#8211; PKW Unfall\" style=\"border-radius:10px;width:100%;height:100%;object-fit:cover;\" srcset=\"https:\/\/ffw-linswege.de\/wp-content\/uploads\/2026\/03\/20260224_01.jpg 1024w, https:\/\/ffw-linswege.de\/wp-content\/uploads\/2026\/03\/20260224_01-300x300.jpg 300w, https:\/\/ffw-linswege.de\/wp-content\/uploads\/2026\/03\/20260224_01-150x150.jpg 150w, https:\/\/ffw-linswege.de\/wp-content\/uploads\/2026\/03\/20260224_01-768x768.jpg 768w\" sizes=\"auto, (max-width: 1024px) 100vw, 1024px\" \/><span class=\"wp-block-post-featured-image__overlay has-background-dim has-background-dim-20 has-custom-feuerwehr-rot-background-color\" style=\"border-radius:10px\" aria-hidden=\"true\"><\/span><\/a><\/figure><\/div>\n\n\n\n<div class=\"wp-block-column is-layout-flow wp-block-column-is-layout-flow\" style=\"padding-top:var(--wp--preset--spacing--30);padding-right:var(--wp--preset--spacing--40);padding-bottom:var(--wp--preset--spacing--30);padding-left:var(--wp--preset--spacing--40);flex-basis:70%\"><h2 class=\"wp-block-post-title\"><a href=\"https:\/\/ffw-linswege.de\/?p=1343\" target=\"_self\" >Einsatz: H1 &#8211; PKW Unfall<\/a><\/h2>\n\n<div class=\"wp-block-post-excerpt\"><p class=\"wp-block-post-excerpt__excerpt\">Am Nachmittag des 24. Februar 2026 wurden wir zu einem Verkehrsunfall auf der Alpenrosenstra\u00dfe alarmiert. Laut erster Meldung waren nach einem Unfall Betriebsstoffe aus Fahrzeugen ausgetreten. Unverz\u00fcglich r\u00fcckten wir zur Einsatzstelle aus. Vor&hellip;<\/p><p class=\"wp-block-post-excerpt__more-text\"><a class=\"wp-block-post-excerpt__more-link\" href=\"https:\/\/ffw-linswege.de\/?p=1343\">Mehr Informationen  &gt;&gt;<\/a><\/p><\/div><\/div>\n<\/div>\n\n<\/li><\/ul><\/div>\n\n\n\n<h2 class=\"wp-block-heading has-text-align-center\">Aktuelles<\/h2>\n\n\n\n<p class=\"has-text-align-center\">Hier halten wir dich \u00fcber kommende Veranstaltungen und Aktionen der Feuerwehr sowie aus dem Dorfleben auf dem Laufenden. Ob Feste, Sammelaktionen oder besondere Ereignisse \u2013 hier findest du alle wichtigen Termine und Highlights.<\/p>\n\n\n\n<div class=\"wp-block-group alignwide has-global-padding is-layout-constrained wp-container-core-group-is-layout-8dd13e6d wp-block-group-is-layout-constrained\" style=\"padding-right:var(--wp--preset--spacing--60);padding-left:var(--wp--preset--spacing--60)\">\n<div class=\"wp-block-columns alignwide is-layout-flex wp-container-core-columns-is-layout-28f84493 wp-block-columns-is-layout-flex\">\n<div class=\"wp-block-column has-custom-feuerwehr-hellgrau-background-color has-background is-layout-flow wp-block-column-is-layout-flow\" style=\"border-radius:10px;padding-top:var(--wp--preset--spacing--20);padding-right:var(--wp--preset--spacing--20);padding-bottom:var(--wp--preset--spacing--20);padding-left:var(--wp--preset--spacing--20)\">\n<h2 class=\"wp-block-heading has-text-align-center\">Kinderfeuerwehr<\/h2>\n\n\n\n<div class=\"wp-block-font-awesome-icon wp-font-awesome-icon\" style=\"display:flex;justify-content:center\"><svg aria-hidden=\"true\" focusable=\"false\" data-prefix=\"fas\" data-icon=\"children\" class=\"svg-inline--fa fa-children \" role=\"img\" xmlns=\"http:\/\/www.w3.org\/2000\/svg\" viewBox=\"0 0 640 512\" style=\"font-size:2.5em\" color=\"#a82d24\"><path fill=\"currentColor\" d=\"M160 0a64 64 0 1 1 0 128A64 64 0 1 1 160 0zM88 480l0-80-17.8 0c-10.9 0-18.6-10.7-15.2-21.1l31.1-93.4L57.5 323.3c-10.7 14.1-30.8 16.8-44.8 6.2s-16.8-30.7-6.2-44.8L65.4 207c22.4-29.6 57.5-47 94.6-47s72.2 17.4 94.6 47l58.9 77.7c10.7 14.1 7.9 34.2-6.2 44.8s-34.2 7.9-44.8-6.2l-28.6-37.8L265 378.9c3.5 10.4-4.3 21.1-15.2 21.1L232 400l0 80c0 17.7-14.3 32-32 32s-32-14.3-32-32l0-80-16 0 0 80c0 17.7-14.3 32-32 32s-32-14.3-32-32zM480 0a64 64 0 1 1 0 128A64 64 0 1 1 480 0zm-8 384l0 96c0 17.7-14.3 32-32 32s-32-14.3-32-32l0-179.5L395.1 321c-9.4 15-29.2 19.4-44.1 10s-19.4-29.2-10-44.1l51.7-82.1c17.6-27.9 48.3-44.9 81.2-44.9l12.3 0c33 0 63.7 16.9 81.2 44.9L619.1 287c9.4 15 4.9 34.7-10 44.1s-34.7 4.9-44.1-10L552 300.5 552 480c0 17.7-14.3 32-32 32s-32-14.3-32-32l0-96-16 0z\"><\/path><\/svg><\/div>\n\n\n\n<p class=\"has-text-align-center\">Die Winterpause ist vorbei. Die Kinderfeuerwehr trifft sich wieder jeden zweiten Samstag im Feuerwehrhaus.<\/p>\n<\/div>\n\n\n\n<div class=\"wp-block-column has-custom-feuerwehr-hellgrau-background-color has-background is-layout-flow wp-block-column-is-layout-flow\" style=\"border-radius:10px;padding-top:var(--wp--preset--spacing--20);padding-right:var(--wp--preset--spacing--20);padding-bottom:var(--wp--preset--spacing--20);padding-left:var(--wp--preset--spacing--20)\">\n<h2 class=\"wp-block-heading has-text-align-center\">Maibaum setzen<\/h2>\n\n\n\n<div class=\"wp-block-font-awesome-icon wp-font-awesome-icon\" style=\"display:flex;justify-content:center\"><svg aria-hidden=\"true\" focusable=\"false\" data-prefix=\"fas\" data-icon=\"champagne-glasses\" class=\"svg-inline--fa fa-champagne-glasses \" role=\"img\" xmlns=\"http:\/\/www.w3.org\/2000\/svg\" viewBox=\"0 0 640 512\" style=\"font-size:2.5em\" color=\"#a82d24\"><path fill=\"currentColor\" d=\"M155.6 17.3C163 3 179.9-3.6 195 1.9L320 47.5l125-45.6c15.1-5.5 32 1.1 39.4 15.4l78.8 152.9c28.8 55.8 10.3 122.3-38.5 156.6L556.1 413l41-15c16.6-6 35 2.5 41 19.1s-2.5 35-19.1 41l-71.1 25.9L476.8 510c-16.6 6.1-35-2.5-41-19.1s2.5-35 19.1-41l41-15-31.3-86.2c-59.4 5.2-116.2-34-130-95.2L320 188.8l-14.6 64.7c-13.8 61.3-70.6 100.4-130 95.2l-31.3 86.2 41 15c16.6 6 25.2 24.4 19.1 41s-24.4 25.2-41 19.1L92.2 484.1 21.1 458.2c-16.6-6.1-25.2-24.4-19.1-41s24.4-25.2 41-19.1l41 15 31.3-86.2C66.5 292.5 48.1 226 76.9 170.2L155.6 17.3zm44 54.4l-27.2 52.8L261.6 157l13.1-57.9L199.6 71.7zm240.9 0L365.4 99.1 378.5 157l89.2-32.5L440.5 71.7z\"><\/path><\/svg><\/div>\n\n\n\n<p class=\"has-text-align-center\">Auch in diesem Jahr laden wir euch herzlich ein, am <strong>1. Mai<\/strong> bei uns vorbeizuschauen, wenn wir wieder den Grill anwerfen. Die Einnahmen kommen unserem <strong>F\u00f6rderverein <\/strong>zugute und unterst\u00fctzen damit unsere Arbeit.<br>Weitere Informationen folgen in K\u00fcrze.<\/p>\n<\/div>\n\n\n\n<div class=\"wp-block-column has-custom-feuerwehr-hellgrau-background-color has-background is-layout-flow wp-block-column-is-layout-flow\" style=\"border-radius:10px;padding-top:var(--wp--preset--spacing--20);padding-right:var(--wp--preset--spacing--20);padding-bottom:var(--wp--preset--spacing--20);padding-left:var(--wp--preset--spacing--20)\">\n<h2 class=\"wp-block-heading has-text-align-center\">Blutspende<\/h2>\n\n\n\n<div class=\"wp-block-font-awesome-icon wp-font-awesome-icon\" style=\"display:flex;justify-content:center\"><svg aria-hidden=\"true\" focusable=\"false\" data-prefix=\"fas\" data-icon=\"droplet\" class=\"svg-inline--fa fa-droplet \" role=\"img\" xmlns=\"http:\/\/www.w3.org\/2000\/svg\" viewBox=\"0 0 384 512\" style=\"font-size:2.5em\" color=\"#a82d24\"><path fill=\"currentColor\" d=\"M192 512C86 512 0 426 0 320C0 228.8 130.2 57.7 166.6 11.7C172.6 4.2 181.5 0 191.1 0l1.8 0c9.6 0 18.5 4.2 24.5 11.7C253.8 57.7 384 228.8 384 320c0 106-86 192-192 192zM96 336c0-8.8-7.2-16-16-16s-16 7.2-16 16c0 61.9 50.1 112 112 112c8.8 0 16-7.2 16-16s-7.2-16-16-16c-44.2 0-80-35.8-80-80z\"><\/path><\/svg><\/div>\n\n\n\n<p class=\"has-text-align-center\">Am <strong>13.04.2026<\/strong> findet wieder eine Blutspendeaktion bei der freiwilligen Feuerwehr Linswege statt.<br><strong>Zum Hullen 40<\/strong><br>Kommt vorbei!<\/p>\n<\/div>\n<\/div>\n<\/div>\n\n\n\n<hr class=\"wp-block-separator has-alpha-channel-opacity\"\/>\n\n\n\n<div class=\"wp-block-cover alignwide\" style=\"border-radius:10px\"><img loading=\"lazy\" decoding=\"async\" width=\"1024\" height=\"1365\" class=\"wp-block-cover__image-background wp-image-76\" alt=\"\" src=\"https:\/\/ffw-linswege.de\/wp-content\/uploads\/2024\/11\/Startseite.jpg\" style=\"object-position:49% 28%\" data-object-fit=\"cover\" data-object-position=\"49% 28%\" srcset=\"https:\/\/ffw-linswege.de\/wp-content\/uploads\/2024\/11\/Startseite.jpg 1024w, https:\/\/ffw-linswege.de\/wp-content\/uploads\/2024\/11\/Startseite-225x300.jpg 225w, https:\/\/ffw-linswege.de\/wp-content\/uploads\/2024\/11\/Startseite-768x1024.jpg 768w\" sizes=\"auto, (max-width: 1024px) 100vw, 1024px\" \/><span aria-hidden=\"true\" class=\"wp-block-cover__background has-background-dim-90 has-background-dim\" style=\"background-color:#a82d24\"><\/span><div class=\"wp-block-cover__inner-container has-global-padding is-layout-constrained wp-block-cover-is-layout-constrained\">\n<h2 class=\"wp-block-heading has-text-align-center\"><strong>Du hast uns gerade noch gefehlt.<\/strong><\/h2>\n\n\n\n<p class=\"has-text-align-center has-large-font-size\">Hey du! Bist du bereit f\u00fcr ein aufregendes Abenteuer? Wie w\u00e4re es, der Freiwilligen Feuerwehr Linswege beizutreten? Wir haben nicht nur schicke Uniformen, sondern auch jede Menge Spa\u00df! Von verknoteten Schl\u00e4uchen bis zu Wasserschlachten \u2013 bei uns wird es nie langweilig. Also schnapp dir deinen Wassereimer und werde Teil unserer verr\u00fcckten Truppe! Wir freuen uns auf dich!<\/p>\n\n\n\n<div class=\"wp-block-buttons is-content-justification-center is-layout-flex wp-container-core-buttons-is-layout-a89b3969 wp-block-buttons-is-layout-flex\">\n<div class=\"wp-block-button\"><a class=\"wp-block-button__link has-contrast-color has-custom-feuerwehr-gelb-background-color has-text-color has-background has-link-color wp-element-button\" href=\"https:\/\/ffw-linswege.de\/?page_id=1137\">Mehr?<\/a><\/div>\n<\/div>\n<\/div><\/div>\n\n\n\n<div class=\"wp-block-group has-global-padding is-layout-constrained wp-block-group-is-layout-constrained\" style=\"padding-top:var(--wp--preset--spacing--40);padding-bottom:var(--wp--preset--spacing--40)\">\n<h2 class=\"wp-block-heading has-text-align-center\">Aktuelle Beitr\u00e4ge<\/h2>\n\n\n\n<p>In Linswege ist immer etwas los! Ob spannende <strong>Eins\u00e4tze<\/strong>, actionreiche <strong>\u00dcbungen<\/strong>, besondere <strong>Veranstaltungen<\/strong> oder Highlights aus dem <strong>Dorfleben<\/strong> \u2013 hier erf\u00e4hrst du, was uns bewegt.<\/p>\n\n\n\n<p>Neugierig? Dann st\u00f6bere durch unsere <a href=\"https:\/\/ffw-linswege.de\/?page_id=49\" data-type=\"page\" data-id=\"49\">Beitr\u00e4ge<\/a> und erhalte exklusive Einblicke in unsere Arbeit. Hier ein erster Eindruck.<\/p>\n<\/div>\n\n\n<ul style=\"padding-top:0;padding-bottom:0;padding-left:0;padding-right:0;\" class=\"wp-block-latest-posts__list is-grid columns-3 has-dates alignwide wp-block-latest-posts\"><li><div class=\"wp-block-latest-posts__featured-image aligncenter\"><a href=\"https:\/\/ffw-linswege.de\/?p=1343\" aria-label=\"Einsatz: H1 &#8211; PKW Unfall\"><img loading=\"lazy\" decoding=\"async\" width=\"1024\" height=\"1024\" src=\"https:\/\/ffw-linswege.de\/wp-content\/uploads\/2026\/03\/20260224_01.jpg\" class=\"attachment-large size-large wp-post-image\" alt=\"\" style=\"\" srcset=\"https:\/\/ffw-linswege.de\/wp-content\/uploads\/2026\/03\/20260224_01.jpg 1024w, https:\/\/ffw-linswege.de\/wp-content\/uploads\/2026\/03\/20260224_01-300x300.jpg 300w, https:\/\/ffw-linswege.de\/wp-content\/uploads\/2026\/03\/20260224_01-150x150.jpg 150w, https:\/\/ffw-linswege.de\/wp-content\/uploads\/2026\/03\/20260224_01-768x768.jpg 768w\" sizes=\"auto, (max-width: 1024px) 100vw, 1024px\" \/><\/a><\/div><a class=\"wp-block-latest-posts__post-title\" href=\"https:\/\/ffw-linswege.de\/?p=1343\">Einsatz: H1 &#8211; PKW Unfall<\/a><time datetime=\"2026-02-24T20:00:00+01:00\" class=\"wp-block-latest-posts__post-date\">24. Februar 2026<\/time><div class=\"wp-block-latest-posts__post-excerpt\">Am Nachmittag des 24. Februar 2026 wurden wir zu einem Verkehrsunfall auf der Alpenrosenstra\u00dfe alarmiert. Laut erster Meldung waren nach einem\u2026\u00a0<a class=\"wp-block-latest-posts__read-more\" href=\"https:\/\/ffw-linswege.de\/?p=1343\" rel=\"noopener noreferrer\"><span class=\"screen-reader-text\">Einsatz: H1 &#8211; PKW Unfall <\/span>weiterlesen<\/a><\/div><\/li>\n<li><div class=\"wp-block-latest-posts__featured-image aligncenter\"><a href=\"https:\/\/ffw-linswege.de\/?p=1326\" aria-label=\"Einsatz: H1 &#8211; Fahrbahnverunreinigung\"><img loading=\"lazy\" decoding=\"async\" width=\"1024\" height=\"1024\" src=\"https:\/\/ffw-linswege.de\/wp-content\/uploads\/2026\/02\/20260211_02.jpg\" class=\"attachment-large size-large wp-post-image\" alt=\"\" style=\"\" srcset=\"https:\/\/ffw-linswege.de\/wp-content\/uploads\/2026\/02\/20260211_02.jpg 1024w, https:\/\/ffw-linswege.de\/wp-content\/uploads\/2026\/02\/20260211_02-300x300.jpg 300w, https:\/\/ffw-linswege.de\/wp-content\/uploads\/2026\/02\/20260211_02-150x150.jpg 150w, https:\/\/ffw-linswege.de\/wp-content\/uploads\/2026\/02\/20260211_02-768x768.jpg 768w\" sizes=\"auto, (max-width: 1024px) 100vw, 1024px\" \/><\/a><\/div><a class=\"wp-block-latest-posts__post-title\" href=\"https:\/\/ffw-linswege.de\/?p=1326\">Einsatz: H1 &#8211; Fahrbahnverunreinigung<\/a><time datetime=\"2026-02-11T18:00:00+01:00\" class=\"wp-block-latest-posts__post-date\">11. Februar 2026<\/time><div class=\"wp-block-latest-posts__post-excerpt\">Am heutigen Tag wurde unsere Einheit zu einer Hilfeleistung im Kreuzungsbereich der Stra\u00dfen \u201eZum Hullen\u201c und \u201eNeuenburger Stra\u00dfe\u201c alarmiert. Dort war\u2026\u00a0<a class=\"wp-block-latest-posts__read-more\" href=\"https:\/\/ffw-linswege.de\/?p=1326\" rel=\"noopener noreferrer\"><span class=\"screen-reader-text\">Einsatz: H1 &#8211; Fahrbahnverunreinigung <\/span>weiterlesen<\/a><\/div><\/li>\n<li><div class=\"wp-block-latest-posts__featured-image aligncenter\"><a href=\"https:\/\/ffw-linswege.de\/?p=1319\" aria-label=\"\u00dcbung unter Atemschutz\"><img loading=\"lazy\" decoding=\"async\" width=\"1024\" height=\"1024\" src=\"https:\/\/ffw-linswege.de\/wp-content\/uploads\/2026\/02\/20260210_01.jpg\" class=\"attachment-large size-large wp-post-image\" alt=\"\" style=\"\" srcset=\"https:\/\/ffw-linswege.de\/wp-content\/uploads\/2026\/02\/20260210_01.jpg 1024w, https:\/\/ffw-linswege.de\/wp-content\/uploads\/2026\/02\/20260210_01-300x300.jpg 300w, https:\/\/ffw-linswege.de\/wp-content\/uploads\/2026\/02\/20260210_01-150x150.jpg 150w, https:\/\/ffw-linswege.de\/wp-content\/uploads\/2026\/02\/20260210_01-768x768.jpg 768w\" sizes=\"auto, (max-width: 1024px) 100vw, 1024px\" \/><\/a><\/div><a class=\"wp-block-latest-posts__post-title\" href=\"https:\/\/ffw-linswege.de\/?p=1319\">\u00dcbung unter Atemschutz<\/a><time datetime=\"2026-02-10T22:00:00+01:00\" class=\"wp-block-latest-posts__post-date\">10. Februar 2026<\/time><div class=\"wp-block-latest-posts__post-excerpt\">Die Kameradinnen und Kameraden trafen sich heute im Feuerwehrhaus, um genau das zu \u00fcben, wof\u00fcr die Feuerwehr steht: das Retten von\u2026\u00a0<a class=\"wp-block-latest-posts__read-more\" href=\"https:\/\/ffw-linswege.de\/?p=1319\" rel=\"noopener noreferrer\"><span class=\"screen-reader-text\">\u00dcbung unter Atemschutz <\/span>weiterlesen<\/a><\/div><\/li>\n<li><div class=\"wp-block-latest-posts__featured-image aligncenter\"><a href=\"https:\/\/ffw-linswege.de\/?p=1309\" aria-label=\"Einsatz: H2 &#8211; eingeklemmte \/ eingeschlossene Person\"><img loading=\"lazy\" decoding=\"async\" width=\"1024\" height=\"1024\" src=\"https:\/\/ffw-linswege.de\/wp-content\/uploads\/2026\/02\/20260204_01.jpg\" class=\"attachment-large size-large wp-post-image\" alt=\"\" style=\"\" srcset=\"https:\/\/ffw-linswege.de\/wp-content\/uploads\/2026\/02\/20260204_01.jpg 1024w, https:\/\/ffw-linswege.de\/wp-content\/uploads\/2026\/02\/20260204_01-300x300.jpg 300w, https:\/\/ffw-linswege.de\/wp-content\/uploads\/2026\/02\/20260204_01-150x150.jpg 150w, https:\/\/ffw-linswege.de\/wp-content\/uploads\/2026\/02\/20260204_01-768x768.jpg 768w\" sizes=\"auto, (max-width: 1024px) 100vw, 1024px\" \/><\/a><\/div><a class=\"wp-block-latest-posts__post-title\" href=\"https:\/\/ffw-linswege.de\/?p=1309\">Einsatz: H2 &#8211; eingeklemmte \/ eingeschlossene Person<\/a><time datetime=\"2026-02-04T18:00:00+01:00\" class=\"wp-block-latest-posts__post-date\">4. Februar 2026<\/time><div class=\"wp-block-latest-posts__post-excerpt\">Eisregen und spiegelglatte Stra\u00dfen sorgten im gesamten Ammerland f\u00fcr zahlreiche Verkehrsunf\u00e4lle. Auch die Freiwillige Feuerwehr Linswege blieb an diesem Tag nicht\u2026\u00a0<a class=\"wp-block-latest-posts__read-more\" href=\"https:\/\/ffw-linswege.de\/?p=1309\" rel=\"noopener noreferrer\"><span class=\"screen-reader-text\">Einsatz: H2 &#8211; eingeklemmte \/ eingeschlossene Person <\/span>weiterlesen<\/a><\/div><\/li>\n<li><div class=\"wp-block-latest-posts__featured-image aligncenter\"><a href=\"https:\/\/ffw-linswege.de\/?p=1301\" aria-label=\"Weihnachtsbaumaktion 2026\"><img loading=\"lazy\" decoding=\"async\" width=\"1024\" height=\"1024\" src=\"https:\/\/ffw-linswege.de\/wp-content\/uploads\/2026\/02\/20260117_01.jpg\" class=\"attachment-large size-large wp-post-image\" alt=\"\" style=\"\" srcset=\"https:\/\/ffw-linswege.de\/wp-content\/uploads\/2026\/02\/20260117_01.jpg 1024w, https:\/\/ffw-linswege.de\/wp-content\/uploads\/2026\/02\/20260117_01-300x300.jpg 300w, https:\/\/ffw-linswege.de\/wp-content\/uploads\/2026\/02\/20260117_01-150x150.jpg 150w, https:\/\/ffw-linswege.de\/wp-content\/uploads\/2026\/02\/20260117_01-768x768.jpg 768w\" sizes=\"auto, (max-width: 1024px) 100vw, 1024px\" \/><\/a><\/div><a class=\"wp-block-latest-posts__post-title\" href=\"https:\/\/ffw-linswege.de\/?p=1301\">Weihnachtsbaumaktion 2026<\/a><time datetime=\"2026-01-17T18:00:00+01:00\" class=\"wp-block-latest-posts__post-date\">17. Januar 2026<\/time><div class=\"wp-block-latest-posts__post-excerpt\">In diesem Jahr musste die traditionelle Weihnachtsbaumsammelaktion aufgrund des starken Schneefalls und des kr\u00e4ftigen Windes kurzfristig um eine Woche verschoben werden.\u2026\u00a0<a class=\"wp-block-latest-posts__read-more\" href=\"https:\/\/ffw-linswege.de\/?p=1301\" rel=\"noopener noreferrer\"><span class=\"screen-reader-text\">Weihnachtsbaumaktion 2026 <\/span>weiterlesen<\/a><\/div><\/li>\n<li><div class=\"wp-block-latest-posts__featured-image aligncenter\"><a href=\"https:\/\/ffw-linswege.de\/?p=1304\" aria-label=\"Einsatz: B1 &#8211; Fahrzeugbrand\"><img loading=\"lazy\" decoding=\"async\" width=\"1024\" height=\"1024\" src=\"https:\/\/ffw-linswege.de\/wp-content\/uploads\/2026\/02\/20260113_01.jpg\" class=\"attachment-large size-large wp-post-image\" alt=\"\" style=\"\" srcset=\"https:\/\/ffw-linswege.de\/wp-content\/uploads\/2026\/02\/20260113_01.jpg 1024w, https:\/\/ffw-linswege.de\/wp-content\/uploads\/2026\/02\/20260113_01-300x300.jpg 300w, https:\/\/ffw-linswege.de\/wp-content\/uploads\/2026\/02\/20260113_01-150x150.jpg 150w, https:\/\/ffw-linswege.de\/wp-content\/uploads\/2026\/02\/20260113_01-768x768.jpg 768w\" sizes=\"auto, (max-width: 1024px) 100vw, 1024px\" \/><\/a><\/div><a class=\"wp-block-latest-posts__post-title\" href=\"https:\/\/ffw-linswege.de\/?p=1304\">Einsatz: B1 &#8211; Fahrzeugbrand<\/a><time datetime=\"2026-01-13T18:00:00+01:00\" class=\"wp-block-latest-posts__post-date\">13. Januar 2026<\/time><div class=\"wp-block-latest-posts__post-excerpt\">zu einem Fahrzeugbrand zwischen mehreren Hofgeb\u00e4uden wurde die Freiwillige Feuerwehr Linswege alarmiert. Beim Eintreffen unserer Einsatzkr\u00e4fte stand der PKW bereits in\u2026\u00a0<a class=\"wp-block-latest-posts__read-more\" href=\"https:\/\/ffw-linswege.de\/?p=1304\" rel=\"noopener noreferrer\"><span class=\"screen-reader-text\">Einsatz: B1 &#8211; Fahrzeugbrand <\/span>weiterlesen<\/a><\/div><\/li>\n<\/ul>\n\n\n<p><\/p>\n","protected":false},"excerpt":{"rendered":"<p>bei der Freiwilligen Feuerwehr Linswege Seit unserer Gr\u00fcndung am 1. Februar 1925 stehen wir als starke Gemeinschaft f\u00fcr Sicherheit und Hilfe in Linswege und Umgebung. Unter der Leitung unseres Ortsbrandmeisters Timo Hedenkamp sind wir mit Leidenschaft, Engagement und Teamgeist im Einsatz \u2013 ob bei Br\u00e4nden, technischen Hilfeleistungen oder Veranstaltungen in der Gemeinde. Unser LF 8\/6 [&hellip;]<\/p>\n","protected":false},"author":2,"featured_media":76,"parent":0,"menu_order":0,"comment_status":"closed","ping_status":"closed","template":"","meta":{"footnotes":""},"class_list":["post-18","page","type-page","status-publish","has-post-thumbnail","hentry"],"_links":{"self":[{"href":"https:\/\/ffw-linswege.de\/index.php?rest_route=\/wp\/v2\/pages\/18","targetHints":{"allow":["GET"]}}],"collection":[{"href":"https:\/\/ffw-linswege.de\/index.php?rest_route=\/wp\/v2\/pages"}],"about":[{"href":"https:\/\/ffw-linswege.de\/index.php?rest_route=\/wp\/v2\/types\/page"}],"author":[{"embeddable":true,"href":"https:\/\/ffw-linswege.de\/index.php?rest_route=\/wp\/v2\/users\/2"}],"replies":[{"embeddable":true,"href":"https:\/\/ffw-linswege.de\/index.php?rest_route=%2Fwp%2Fv2%2Fcomments&post=18"}],"version-history":[{"count":67,"href":"https:\/\/ffw-linswege.de\/index.php?rest_route=\/wp\/v2\/pages\/18\/revisions"}],"predecessor-version":[{"id":1336,"href":"https:\/\/ffw-linswege.de\/index.php?rest_route=\/wp\/v2\/pages\/18\/revisions\/1336"}],"wp:featuredmedia":[{"embeddable":true,"href":"https:\/\/ffw-linswege.de\/index.php?rest_route=\/wp\/v2\/media\/76"}],"wp:attachment":[{"href":"https:\/\/ffw-linswege.de\/index.php?rest_route=%2Fwp%2Fv2%2Fmedia&parent=18"}],"curies":[{"name":"wp","href":"https:\/\/api.w.org\/{rel}","templated":true}]}}