{"id":49,"date":"2024-11-27T20:30:31","date_gmt":"2024-11-27T19:30:31","guid":{"rendered":"http:\/\/ffw-linswege.de\/?page_id=49"},"modified":"2025-02-23T18:28:57","modified_gmt":"2025-02-23T17:28:57","slug":"beitraege","status":"publish","type":"page","link":"https:\/\/ffw-linswege.de\/?page_id=49","title":{"rendered":"Beitr\u00e4ge"},"content":{"rendered":"\n<h1 class=\"wp-block-heading has-text-align-center\"><strong>Unsere Beitr\u00e4ge<\/strong><\/h1>\n\n\n\n<hr class=\"wp-block-separator has-alpha-channel-opacity\"\/>\n\n\n\n<div class=\"wp-block-query alignwide is-layout-flow wp-block-query-is-layout-flow\"><ul class=\"wp-block-post-template is-layout-flow wp-block-post-template-is-layout-flow\"><li class=\"wp-block-post post-1343 post type-post status-publish format-standard has-post-thumbnail hentry category-einsatz category-hilfeleistung\">\n\n<div class=\"wp-block-columns are-vertically-aligned-center is-layout-flex wp-container-core-columns-is-layout-28f84493 wp-block-columns-is-layout-flex\">\n<div class=\"wp-block-column is-vertically-aligned-center is-layout-flow wp-block-column-is-layout-flow\" style=\"flex-basis:25%\"><figure class=\"wp-block-post-featured-image\"><a href=\"https:\/\/ffw-linswege.de\/?p=1343\" target=\"_self\"  ><img loading=\"lazy\" decoding=\"async\" width=\"1024\" height=\"1024\" src=\"https:\/\/ffw-linswege.de\/wp-content\/uploads\/2026\/03\/20260224_01.jpg\" class=\"attachment-post-thumbnail size-post-thumbnail wp-post-image\" alt=\"Einsatz: H1 &#8211; PKW Unfall\" style=\"object-fit:cover;\" srcset=\"https:\/\/ffw-linswege.de\/wp-content\/uploads\/2026\/03\/20260224_01.jpg 1024w, https:\/\/ffw-linswege.de\/wp-content\/uploads\/2026\/03\/20260224_01-300x300.jpg 300w, https:\/\/ffw-linswege.de\/wp-content\/uploads\/2026\/03\/20260224_01-150x150.jpg 150w, https:\/\/ffw-linswege.de\/wp-content\/uploads\/2026\/03\/20260224_01-768x768.jpg 768w\" sizes=\"auto, (max-width: 1024px) 100vw, 1024px\" \/><\/a><\/figure><\/div>\n\n\n\n<div class=\"wp-block-column is-vertically-aligned-center is-layout-flow wp-block-column-is-layout-flow\" style=\"flex-basis:75%\"><h2 class=\"wp-block-post-title\"><a href=\"https:\/\/ffw-linswege.de\/?p=1343\" target=\"_self\" >Einsatz: H1 &#8211; PKW Unfall<\/a><\/h2>\n\n<div class=\"wp-block-post-excerpt\"><p class=\"wp-block-post-excerpt__excerpt\">Am Nachmittag des 24. Februar 2026 wurden wir zu einem Verkehrsunfall auf der Alpenrosenstra\u00dfe alarmiert. Laut erster Meldung waren nach einem Unfall Betriebsstoffe aus Fahrzeugen ausgetreten. Unverz\u00fcglich r\u00fcckten wir zur Einsatzstelle aus. Vor Ort stellte sich heraus, dass es sich um einen Auffahrunfall zwischen zwei gr\u00f6\u00dferen PKW handelte. Durch die Kollision waren Betriebsstoffe aus einem&hellip; <\/p><\/div><\/div>\n<\/div>\n\n<\/li><li class=\"wp-block-post post-1326 post type-post status-publish format-standard has-post-thumbnail hentry category-einsatz category-hilfeleistung\">\n\n<div class=\"wp-block-columns are-vertically-aligned-center is-layout-flex wp-container-core-columns-is-layout-28f84493 wp-block-columns-is-layout-flex\">\n<div class=\"wp-block-column is-vertically-aligned-center is-layout-flow wp-block-column-is-layout-flow\" style=\"flex-basis:25%\"><figure class=\"wp-block-post-featured-image\"><a href=\"https:\/\/ffw-linswege.de\/?p=1326\" target=\"_self\"  ><img loading=\"lazy\" decoding=\"async\" width=\"1024\" height=\"1024\" src=\"https:\/\/ffw-linswege.de\/wp-content\/uploads\/2026\/02\/20260211_02.jpg\" class=\"attachment-post-thumbnail size-post-thumbnail wp-post-image\" alt=\"Einsatz: H1 &#8211; Fahrbahnverunreinigung\" style=\"object-fit:cover;\" srcset=\"https:\/\/ffw-linswege.de\/wp-content\/uploads\/2026\/02\/20260211_02.jpg 1024w, https:\/\/ffw-linswege.de\/wp-content\/uploads\/2026\/02\/20260211_02-300x300.jpg 300w, https:\/\/ffw-linswege.de\/wp-content\/uploads\/2026\/02\/20260211_02-150x150.jpg 150w, https:\/\/ffw-linswege.de\/wp-content\/uploads\/2026\/02\/20260211_02-768x768.jpg 768w\" sizes=\"auto, (max-width: 1024px) 100vw, 1024px\" \/><\/a><\/figure><\/div>\n\n\n\n<div class=\"wp-block-column is-vertically-aligned-center is-layout-flow wp-block-column-is-layout-flow\" style=\"flex-basis:75%\"><h2 class=\"wp-block-post-title\"><a href=\"https:\/\/ffw-linswege.de\/?p=1326\" target=\"_self\" >Einsatz: H1 &#8211; Fahrbahnverunreinigung<\/a><\/h2>\n\n<div class=\"wp-block-post-excerpt\"><p class=\"wp-block-post-excerpt__excerpt\">Am heutigen Tag wurde unsere Einheit zu einer Hilfeleistung im Kreuzungsbereich der Stra\u00dfen \u201eZum Hullen\u201c und \u201eNeuenburger Stra\u00dfe\u201c alarmiert. Dort war die Fahrbahn durch ausgetretenes \u00d6l verunreinigt worden. Die ausger\u00fcckten Kameradinnen und Kameraden erkundeten die Einsatzstelle umgehend. Dabei stellte sich heraus, dass sich die Verunreinigung gro\u00dffl\u00e4chig und verteilt \u00fcber den Kreuzungsbereich erstreckte. Aufgrund des Umfangs&hellip; <\/p><\/div><\/div>\n<\/div>\n\n<\/li><li class=\"wp-block-post post-1319 post type-post status-publish format-standard has-post-thumbnail hentry category-uebung\">\n\n<div class=\"wp-block-columns are-vertically-aligned-center is-layout-flex wp-container-core-columns-is-layout-28f84493 wp-block-columns-is-layout-flex\">\n<div class=\"wp-block-column is-vertically-aligned-center is-layout-flow wp-block-column-is-layout-flow\" style=\"flex-basis:25%\"><figure class=\"wp-block-post-featured-image\"><a href=\"https:\/\/ffw-linswege.de\/?p=1319\" target=\"_self\"  ><img loading=\"lazy\" decoding=\"async\" width=\"1024\" height=\"1024\" src=\"https:\/\/ffw-linswege.de\/wp-content\/uploads\/2026\/02\/20260210_01.jpg\" class=\"attachment-post-thumbnail size-post-thumbnail wp-post-image\" alt=\"\u00dcbung unter Atemschutz\" style=\"object-fit:cover;\" srcset=\"https:\/\/ffw-linswege.de\/wp-content\/uploads\/2026\/02\/20260210_01.jpg 1024w, https:\/\/ffw-linswege.de\/wp-content\/uploads\/2026\/02\/20260210_01-300x300.jpg 300w, https:\/\/ffw-linswege.de\/wp-content\/uploads\/2026\/02\/20260210_01-150x150.jpg 150w, https:\/\/ffw-linswege.de\/wp-content\/uploads\/2026\/02\/20260210_01-768x768.jpg 768w\" sizes=\"auto, (max-width: 1024px) 100vw, 1024px\" \/><\/a><\/figure><\/div>\n\n\n\n<div class=\"wp-block-column is-vertically-aligned-center is-layout-flow wp-block-column-is-layout-flow\" style=\"flex-basis:75%\"><h2 class=\"wp-block-post-title\"><a href=\"https:\/\/ffw-linswege.de\/?p=1319\" target=\"_self\" >\u00dcbung unter Atemschutz<\/a><\/h2>\n\n<div class=\"wp-block-post-excerpt\"><p class=\"wp-block-post-excerpt__excerpt\">Die Kameradinnen und Kameraden trafen sich heute im Feuerwehrhaus, um genau das zu \u00fcben, wof\u00fcr die Feuerwehr steht: das Retten von Menschenleben. Zu Beginn stand die Menschenrettung unter sogenannten Nullsicht-Bedingungen auf dem Dienstplan. Daf\u00fcr wurden die Masken der Atemschutzger\u00e4te mit einer diffusen Folie abgeklebt. So konnten die Ger\u00e4tetr\u00e4ger nahezu nichts mehr erkennen \u2013 realistische Bedingungen,&hellip; <\/p><\/div><\/div>\n<\/div>\n\n<\/li><li class=\"wp-block-post post-1309 post type-post status-publish format-standard has-post-thumbnail hentry category-einsatz category-hilfeleistung\">\n\n<div class=\"wp-block-columns are-vertically-aligned-center is-layout-flex wp-container-core-columns-is-layout-28f84493 wp-block-columns-is-layout-flex\">\n<div class=\"wp-block-column is-vertically-aligned-center is-layout-flow wp-block-column-is-layout-flow\" style=\"flex-basis:25%\"><figure class=\"wp-block-post-featured-image\"><a href=\"https:\/\/ffw-linswege.de\/?p=1309\" target=\"_self\"  ><img loading=\"lazy\" decoding=\"async\" width=\"1024\" height=\"1024\" src=\"https:\/\/ffw-linswege.de\/wp-content\/uploads\/2026\/02\/20260204_01.jpg\" class=\"attachment-post-thumbnail size-post-thumbnail wp-post-image\" alt=\"Einsatz: H2 &#8211; eingeklemmte \/ eingeschlossene Person\" style=\"object-fit:cover;\" srcset=\"https:\/\/ffw-linswege.de\/wp-content\/uploads\/2026\/02\/20260204_01.jpg 1024w, https:\/\/ffw-linswege.de\/wp-content\/uploads\/2026\/02\/20260204_01-300x300.jpg 300w, https:\/\/ffw-linswege.de\/wp-content\/uploads\/2026\/02\/20260204_01-150x150.jpg 150w, https:\/\/ffw-linswege.de\/wp-content\/uploads\/2026\/02\/20260204_01-768x768.jpg 768w\" sizes=\"auto, (max-width: 1024px) 100vw, 1024px\" \/><\/a><\/figure><\/div>\n\n\n\n<div class=\"wp-block-column is-vertically-aligned-center is-layout-flow wp-block-column-is-layout-flow\" style=\"flex-basis:75%\"><h2 class=\"wp-block-post-title\"><a href=\"https:\/\/ffw-linswege.de\/?p=1309\" target=\"_self\" >Einsatz: H2 &#8211; eingeklemmte \/ eingeschlossene Person<\/a><\/h2>\n\n<div class=\"wp-block-post-excerpt\"><p class=\"wp-block-post-excerpt__excerpt\">Eisregen und spiegelglatte Stra\u00dfen sorgten im gesamten Ammerland f\u00fcr zahlreiche Verkehrsunf\u00e4lle. Auch die Freiwillige Feuerwehr Linswege blieb an diesem Tag nicht verschont und wurde zu einem schweren Verkehrsunfall alarmiert. Gemeldet war ein PKW-Unfall mit einer eingeklemmten beziehungsweise eingeschlossenen Person im Nachbarort Garnholt. Unmittelbar nach der Alarmierung machten sich unsere Einsatzkr\u00e4fte vorsichtig auf den Weg. Die&hellip; <\/p><\/div><\/div>\n<\/div>\n\n<\/li><li class=\"wp-block-post post-1301 post type-post status-publish format-standard has-post-thumbnail hentry category-allgemein category-foerderverein\">\n\n<div class=\"wp-block-columns are-vertically-aligned-center is-layout-flex wp-container-core-columns-is-layout-28f84493 wp-block-columns-is-layout-flex\">\n<div class=\"wp-block-column is-vertically-aligned-center is-layout-flow wp-block-column-is-layout-flow\" style=\"flex-basis:25%\"><figure class=\"wp-block-post-featured-image\"><a href=\"https:\/\/ffw-linswege.de\/?p=1301\" target=\"_self\"  ><img loading=\"lazy\" decoding=\"async\" width=\"1024\" height=\"1024\" src=\"https:\/\/ffw-linswege.de\/wp-content\/uploads\/2026\/02\/20260117_01.jpg\" class=\"attachment-post-thumbnail size-post-thumbnail wp-post-image\" alt=\"Weihnachtsbaumaktion 2026\" style=\"object-fit:cover;\" srcset=\"https:\/\/ffw-linswege.de\/wp-content\/uploads\/2026\/02\/20260117_01.jpg 1024w, https:\/\/ffw-linswege.de\/wp-content\/uploads\/2026\/02\/20260117_01-300x300.jpg 300w, https:\/\/ffw-linswege.de\/wp-content\/uploads\/2026\/02\/20260117_01-150x150.jpg 150w, https:\/\/ffw-linswege.de\/wp-content\/uploads\/2026\/02\/20260117_01-768x768.jpg 768w\" sizes=\"auto, (max-width: 1024px) 100vw, 1024px\" \/><\/a><\/figure><\/div>\n\n\n\n<div class=\"wp-block-column is-vertically-aligned-center is-layout-flow wp-block-column-is-layout-flow\" style=\"flex-basis:75%\"><h2 class=\"wp-block-post-title\"><a href=\"https:\/\/ffw-linswege.de\/?p=1301\" target=\"_self\" >Weihnachtsbaumaktion 2026<\/a><\/h2>\n\n<div class=\"wp-block-post-excerpt\"><p class=\"wp-block-post-excerpt__excerpt\">In diesem Jahr musste die traditionelle Weihnachtsbaumsammelaktion aufgrund des starken Schneefalls und des kr\u00e4ftigen Windes kurzfristig um eine Woche verschoben werden. Doch auch die weiterhin widrigen Wetterbedingungen konnten den Einsatzwillen unserer Kameraden nicht bremsen. Trotz eisiger K\u00e4lte machten sich 13 Kameraden mit drei Traktoren auf den Weg, um in den Ortschaften Linswege, Petersfeld, Linswegerfeld und&hellip; <\/p><\/div><\/div>\n<\/div>\n\n<\/li><li class=\"wp-block-post post-1304 post type-post status-publish format-standard has-post-thumbnail hentry category-brandeinsatz category-einsatz\">\n\n<div class=\"wp-block-columns are-vertically-aligned-center is-layout-flex wp-container-core-columns-is-layout-28f84493 wp-block-columns-is-layout-flex\">\n<div class=\"wp-block-column is-vertically-aligned-center is-layout-flow wp-block-column-is-layout-flow\" style=\"flex-basis:25%\"><figure class=\"wp-block-post-featured-image\"><a href=\"https:\/\/ffw-linswege.de\/?p=1304\" target=\"_self\"  ><img loading=\"lazy\" decoding=\"async\" width=\"1024\" height=\"1024\" src=\"https:\/\/ffw-linswege.de\/wp-content\/uploads\/2026\/02\/20260113_01.jpg\" class=\"attachment-post-thumbnail size-post-thumbnail wp-post-image\" alt=\"Einsatz: B1 &#8211; Fahrzeugbrand\" style=\"object-fit:cover;\" srcset=\"https:\/\/ffw-linswege.de\/wp-content\/uploads\/2026\/02\/20260113_01.jpg 1024w, https:\/\/ffw-linswege.de\/wp-content\/uploads\/2026\/02\/20260113_01-300x300.jpg 300w, https:\/\/ffw-linswege.de\/wp-content\/uploads\/2026\/02\/20260113_01-150x150.jpg 150w, https:\/\/ffw-linswege.de\/wp-content\/uploads\/2026\/02\/20260113_01-768x768.jpg 768w\" sizes=\"auto, (max-width: 1024px) 100vw, 1024px\" \/><\/a><\/figure><\/div>\n\n\n\n<div class=\"wp-block-column is-vertically-aligned-center is-layout-flow wp-block-column-is-layout-flow\" style=\"flex-basis:75%\"><h2 class=\"wp-block-post-title\"><a href=\"https:\/\/ffw-linswege.de\/?p=1304\" target=\"_self\" >Einsatz: B1 &#8211; Fahrzeugbrand<\/a><\/h2>\n\n<div class=\"wp-block-post-excerpt\"><p class=\"wp-block-post-excerpt__excerpt\">zu einem Fahrzeugbrand zwischen mehreren Hofgeb\u00e4uden wurde die Freiwillige Feuerwehr Linswege alarmiert. Beim Eintreffen unserer Einsatzkr\u00e4fte stand der PKW bereits in Vollbrand. Die Kameraden der Freiwillige Feuerwehr Garnholt waren zu diesem Zeitpunkt schon vor Ort und hatten umgehend mit ersten L\u00f6schma\u00dfnahmen begonnen. Unter Atemschutz gingen die Trupps unserer Einheit sofort zum Schnellangriff mit Wasser \u00fcber.&hellip; <\/p><\/div><\/div>\n<\/div>\n\n<\/li><li class=\"wp-block-post post-1291 post type-post status-publish format-standard has-post-thumbnail hentry category-brandeinsatz category-einsatz\">\n\n<div class=\"wp-block-columns are-vertically-aligned-center is-layout-flex wp-container-core-columns-is-layout-28f84493 wp-block-columns-is-layout-flex\">\n<div class=\"wp-block-column is-vertically-aligned-center is-layout-flow wp-block-column-is-layout-flow\" style=\"flex-basis:25%\"><figure class=\"wp-block-post-featured-image\"><a href=\"https:\/\/ffw-linswege.de\/?p=1291\" target=\"_self\"  ><img loading=\"lazy\" decoding=\"async\" width=\"1024\" height=\"1024\" src=\"https:\/\/ffw-linswege.de\/wp-content\/uploads\/2026\/01\/20251220_01.jpg\" class=\"attachment-post-thumbnail size-post-thumbnail wp-post-image\" alt=\"Einsatz: B3 &#8211; Geb\u00e4udebrand \/ Rundbogenhalle\" style=\"object-fit:cover;\" srcset=\"https:\/\/ffw-linswege.de\/wp-content\/uploads\/2026\/01\/20251220_01.jpg 1024w, https:\/\/ffw-linswege.de\/wp-content\/uploads\/2026\/01\/20251220_01-300x300.jpg 300w, https:\/\/ffw-linswege.de\/wp-content\/uploads\/2026\/01\/20251220_01-150x150.jpg 150w, https:\/\/ffw-linswege.de\/wp-content\/uploads\/2026\/01\/20251220_01-768x768.jpg 768w\" sizes=\"auto, (max-width: 1024px) 100vw, 1024px\" \/><\/a><\/figure><\/div>\n\n\n\n<div class=\"wp-block-column is-vertically-aligned-center is-layout-flow wp-block-column-is-layout-flow\" style=\"flex-basis:75%\"><h2 class=\"wp-block-post-title\"><a href=\"https:\/\/ffw-linswege.de\/?p=1291\" target=\"_self\" >Einsatz: B3 &#8211; Geb\u00e4udebrand \/ Rundbogenhalle<\/a><\/h2>\n\n<div class=\"wp-block-post-excerpt\"><p class=\"wp-block-post-excerpt__excerpt\">Am Samstag, den 20.12.2025, kam es am sp\u00e4ten Nachmittag zu einem Brand auf einem Baumschulengel\u00e4nde in Westerstede. Gegen 16:25 Uhr wurde der Brand einer Rundbogenhalle gemeldet. Beim Eintreffen der ersten Einsatzkr\u00e4fte stand die rund 8 \u00d7 12 Meter gro\u00dfe, freistehende Halle bereits in Vollbrand. Die alarmierten Feuerwehren der Stadtgemeinde Westerstede nahmen umgehend die Brandbek\u00e4mpfung auf.&hellip; <\/p><\/div><\/div>\n<\/div>\n\n<\/li><li class=\"wp-block-post post-1269 post type-post status-publish format-standard has-post-thumbnail hentry category-allgemein\">\n\n<div class=\"wp-block-columns are-vertically-aligned-center is-layout-flex wp-container-core-columns-is-layout-28f84493 wp-block-columns-is-layout-flex\">\n<div class=\"wp-block-column is-vertically-aligned-center is-layout-flow wp-block-column-is-layout-flow\" style=\"flex-basis:25%\"><figure class=\"wp-block-post-featured-image\"><a href=\"https:\/\/ffw-linswege.de\/?p=1269\" target=\"_self\"  ><img loading=\"lazy\" decoding=\"async\" width=\"1024\" height=\"1024\" src=\"https:\/\/ffw-linswege.de\/wp-content\/uploads\/2025\/09\/20250924_01.jpg\" class=\"attachment-post-thumbnail size-post-thumbnail wp-post-image\" alt=\"Eine Reise durch die Zeit\" style=\"object-fit:cover;\" srcset=\"https:\/\/ffw-linswege.de\/wp-content\/uploads\/2025\/09\/20250924_01.jpg 1024w, https:\/\/ffw-linswege.de\/wp-content\/uploads\/2025\/09\/20250924_01-300x300.jpg 300w, https:\/\/ffw-linswege.de\/wp-content\/uploads\/2025\/09\/20250924_01-150x150.jpg 150w, https:\/\/ffw-linswege.de\/wp-content\/uploads\/2025\/09\/20250924_01-768x768.jpg 768w\" sizes=\"auto, (max-width: 1024px) 100vw, 1024px\" \/><\/a><\/figure><\/div>\n\n\n\n<div class=\"wp-block-column is-vertically-aligned-center is-layout-flow wp-block-column-is-layout-flow\" style=\"flex-basis:75%\"><h2 class=\"wp-block-post-title\"><a href=\"https:\/\/ffw-linswege.de\/?p=1269\" target=\"_self\" >Eine Reise durch die Zeit<\/a><\/h2>\n\n<div class=\"wp-block-post-excerpt\"><p class=\"wp-block-post-excerpt__excerpt\">Ein Jubil\u00e4um l\u00e4dt immer dazu ein, in die Vergangenheit zu schauen und \u00fcber das Erlebte nachzudenken. In der Feuerwehr, mit ihren vielen Mitgliedern, Traditionen und Entwicklungen, ist das nicht anders. Doch um sich wirklich mit der Vergangenheit auseinanderzusetzen, muss man erst einmal wissen, was war. F\u00fcr mich, der erst seit Kurzem Teil der Einheit Linswege&hellip; <\/p><\/div><\/div>\n<\/div>\n\n<\/li><li class=\"wp-block-post post-1198 post type-post status-publish format-standard has-post-thumbnail hentry category-brandeinsatz category-einsatz tag-einsatz\">\n\n<div class=\"wp-block-columns are-vertically-aligned-center is-layout-flex wp-container-core-columns-is-layout-28f84493 wp-block-columns-is-layout-flex\">\n<div class=\"wp-block-column is-vertically-aligned-center is-layout-flow wp-block-column-is-layout-flow\" style=\"flex-basis:25%\"><figure class=\"wp-block-post-featured-image\"><a href=\"https:\/\/ffw-linswege.de\/?p=1198\" target=\"_self\"  ><img loading=\"lazy\" decoding=\"async\" width=\"1024\" height=\"1024\" src=\"https:\/\/ffw-linswege.de\/wp-content\/uploads\/2025\/09\/20250914_01.jpg\" class=\"attachment-post-thumbnail size-post-thumbnail wp-post-image\" alt=\"Einsatz: F2 &#8211; Geb\u00e4udebrand gro\u00df!\" style=\"object-fit:cover;\" srcset=\"https:\/\/ffw-linswege.de\/wp-content\/uploads\/2025\/09\/20250914_01.jpg 1024w, https:\/\/ffw-linswege.de\/wp-content\/uploads\/2025\/09\/20250914_01-300x300.jpg 300w, https:\/\/ffw-linswege.de\/wp-content\/uploads\/2025\/09\/20250914_01-150x150.jpg 150w, https:\/\/ffw-linswege.de\/wp-content\/uploads\/2025\/09\/20250914_01-768x768.jpg 768w\" sizes=\"auto, (max-width: 1024px) 100vw, 1024px\" \/><\/a><\/figure><\/div>\n\n\n\n<div class=\"wp-block-column is-vertically-aligned-center is-layout-flow wp-block-column-is-layout-flow\" style=\"flex-basis:75%\"><h2 class=\"wp-block-post-title\"><a href=\"https:\/\/ffw-linswege.de\/?p=1198\" target=\"_self\" >Einsatz: F2 &#8211; Geb\u00e4udebrand gro\u00df!<\/a><\/h2>\n\n<div class=\"wp-block-post-excerpt\"><p class=\"wp-block-post-excerpt__excerpt\">Am Sonntagabend, den 14. September 2025, wurden wir um 20:41 Uhr zu einem Brandeinsatz nach Halsbek alarmiert. Dort war eine Lagerhalle eines Bauunternehmens in Brand geraten und stand bereits beim Eintreffen unserer Wehr in Vollbrand. Gemeinsam mit zahlreichen Feuerwehren aus der Stadt Westerstede r\u00fcckten mehr als 100 Einsatzkr\u00e4fte aus, um das \u00dcbergreifen der Flammen auf&hellip; <\/p><\/div><\/div>\n<\/div>\n\n<\/li><li class=\"wp-block-post post-1192 post type-post status-publish format-standard has-post-thumbnail hentry category-einsatz category-hilfeleistung\">\n\n<div class=\"wp-block-columns are-vertically-aligned-center is-layout-flex wp-container-core-columns-is-layout-28f84493 wp-block-columns-is-layout-flex\">\n<div class=\"wp-block-column is-vertically-aligned-center is-layout-flow wp-block-column-is-layout-flow\" style=\"flex-basis:25%\"><figure class=\"wp-block-post-featured-image\"><a href=\"https:\/\/ffw-linswege.de\/?p=1192\" target=\"_self\"  ><img loading=\"lazy\" decoding=\"async\" width=\"1024\" height=\"1024\" src=\"https:\/\/ffw-linswege.de\/wp-content\/uploads\/2025\/09\/20250907_01.jpg\" class=\"attachment-post-thumbnail size-post-thumbnail wp-post-image\" alt=\"Einsatz H2 &#8211; Verkehrsunfall\" style=\"object-fit:cover;\" srcset=\"https:\/\/ffw-linswege.de\/wp-content\/uploads\/2025\/09\/20250907_01.jpg 1024w, https:\/\/ffw-linswege.de\/wp-content\/uploads\/2025\/09\/20250907_01-300x300.jpg 300w, https:\/\/ffw-linswege.de\/wp-content\/uploads\/2025\/09\/20250907_01-150x150.jpg 150w, https:\/\/ffw-linswege.de\/wp-content\/uploads\/2025\/09\/20250907_01-768x768.jpg 768w\" sizes=\"auto, (max-width: 1024px) 100vw, 1024px\" \/><\/a><\/figure><\/div>\n\n\n\n<div class=\"wp-block-column is-vertically-aligned-center is-layout-flow wp-block-column-is-layout-flow\" style=\"flex-basis:75%\"><h2 class=\"wp-block-post-title\"><a href=\"https:\/\/ffw-linswege.de\/?p=1192\" target=\"_self\" >Einsatz H2 &#8211; Verkehrsunfall<\/a><\/h2>\n\n<div class=\"wp-block-post-excerpt\"><p class=\"wp-block-post-excerpt__excerpt\">Am Sonntagabend, kurz nach 21:30 Uhr, wurden wir gemeinsam mit den Feuerwehren aus Westerstede, Halsbek und weiteren Kr\u00e4ften zu einem Verkehrsunfall auf der Neuenburger Stra\u00dfe alarmiert.Die Einsatzmeldung lie\u00df Schlimmes vermuten: Ein PKW war mit hoher Geschwindigkeit von der Fahrbahn abgekommen \u2013 eine Strecke, die auf beiden Seiten von einigen m\u00e4chtigen Eichen ges\u00e4umt ist. An der&hellip; <\/p><\/div><\/div>\n<\/div>\n\n<\/li><li class=\"wp-block-post post-1185 post type-post status-publish format-standard has-post-thumbnail hentry category-wettkampf\">\n\n<div class=\"wp-block-columns are-vertically-aligned-center is-layout-flex wp-container-core-columns-is-layout-28f84493 wp-block-columns-is-layout-flex\">\n<div class=\"wp-block-column is-vertically-aligned-center is-layout-flow wp-block-column-is-layout-flow\" style=\"flex-basis:25%\"><figure class=\"wp-block-post-featured-image\"><a href=\"https:\/\/ffw-linswege.de\/?p=1185\" target=\"_self\"  ><img loading=\"lazy\" decoding=\"async\" width=\"899\" height=\"899\" src=\"https:\/\/ffw-linswege.de\/wp-content\/uploads\/2025\/09\/20250823_03.jpg\" class=\"attachment-post-thumbnail size-post-thumbnail wp-post-image\" alt=\"Feuerwehrwettkampf in Hollwege\" style=\"object-fit:cover;\" srcset=\"https:\/\/ffw-linswege.de\/wp-content\/uploads\/2025\/09\/20250823_03.jpg 899w, https:\/\/ffw-linswege.de\/wp-content\/uploads\/2025\/09\/20250823_03-300x300.jpg 300w, https:\/\/ffw-linswege.de\/wp-content\/uploads\/2025\/09\/20250823_03-150x150.jpg 150w, https:\/\/ffw-linswege.de\/wp-content\/uploads\/2025\/09\/20250823_03-768x768.jpg 768w\" sizes=\"auto, (max-width: 899px) 100vw, 899px\" \/><\/a><\/figure><\/div>\n\n\n\n<div class=\"wp-block-column is-vertically-aligned-center is-layout-flow wp-block-column-is-layout-flow\" style=\"flex-basis:75%\"><h2 class=\"wp-block-post-title\"><a href=\"https:\/\/ffw-linswege.de\/?p=1185\" target=\"_self\" >Feuerwehrwettkampf in Hollwege<\/a><\/h2>\n\n<div class=\"wp-block-post-excerpt\"><p class=\"wp-block-post-excerpt__excerpt\">Am 23. August nahmen wir, die Freiwillige Feuerwehr Linswege, am Jubil\u00e4umsfest der Freiwilligen Feuerwehren Hollwege (100 Jahre) und Hollriede (75 Jahre) teil \u2013 ein gro\u00dfes Fest, das zahlreiche Besucherinnen und Besucher bei strahlendem Sonnenschein anzog. Nach einem feierlichen Gottesdienst im Hollweger Feuerwehrhaus hatten alle G\u00e4ste die Gelegenheit, die Einsatzfahrzeuge zu besichtigen und sich \u00fcber die&hellip; <\/p><\/div><\/div>\n<\/div>\n\n<\/li><li class=\"wp-block-post post-1164 post type-post status-publish format-standard has-post-thumbnail hentry category-allgemein category-foerderverein category-kinderfeuerwehr tag-blaulichttag tag-feier\">\n\n<div class=\"wp-block-columns are-vertically-aligned-center is-layout-flex wp-container-core-columns-is-layout-28f84493 wp-block-columns-is-layout-flex\">\n<div class=\"wp-block-column is-vertically-aligned-center is-layout-flow wp-block-column-is-layout-flow\" style=\"flex-basis:25%\"><figure class=\"wp-block-post-featured-image\"><a href=\"https:\/\/ffw-linswege.de\/?p=1164\" target=\"_self\"  ><img loading=\"lazy\" decoding=\"async\" width=\"821\" height=\"821\" src=\"https:\/\/ffw-linswege.de\/wp-content\/uploads\/2025\/06\/20250621_04.jpg\" class=\"attachment-post-thumbnail size-post-thumbnail wp-post-image\" alt=\"100 Jahre Linsweger Feuerwehr\" style=\"object-fit:cover;\" srcset=\"https:\/\/ffw-linswege.de\/wp-content\/uploads\/2025\/06\/20250621_04.jpg 821w, https:\/\/ffw-linswege.de\/wp-content\/uploads\/2025\/06\/20250621_04-300x300.jpg 300w, https:\/\/ffw-linswege.de\/wp-content\/uploads\/2025\/06\/20250621_04-150x150.jpg 150w, https:\/\/ffw-linswege.de\/wp-content\/uploads\/2025\/06\/20250621_04-768x768.jpg 768w\" sizes=\"auto, (max-width: 821px) 100vw, 821px\" \/><\/a><\/figure><\/div>\n\n\n\n<div class=\"wp-block-column is-vertically-aligned-center is-layout-flow wp-block-column-is-layout-flow\" style=\"flex-basis:75%\"><h2 class=\"wp-block-post-title\"><a href=\"https:\/\/ffw-linswege.de\/?p=1164\" target=\"_self\" >100 Jahre Linsweger Feuerwehr<\/a><\/h2>\n\n<div class=\"wp-block-post-excerpt\"><p class=\"wp-block-post-excerpt__excerpt\">Am 21. Juni 2025 war es endlich so weit: Die Freiwillige Feuerwehr Linswege feierte ihr 100-j\u00e4hriges Bestehen \u2013 und zahlreiche G\u00e4ste aus nah und fern folgten unserer Einladung, um diesen besonderen Tag gemeinsam mit uns zu erleben. Bereits ab 11:00 Uhr startete unser Blaulichttag, bei dem sich Feuerwehr, THW, DRK und weitere Organisationen pr\u00e4sentierten. Gro\u00df&hellip; <\/p><\/div><\/div>\n<\/div>\n\n<\/li><li class=\"wp-block-post post-1145 post type-post status-publish format-standard has-post-thumbnail hentry category-kinderfeuerwehr\">\n\n<div class=\"wp-block-columns are-vertically-aligned-center is-layout-flex wp-container-core-columns-is-layout-28f84493 wp-block-columns-is-layout-flex\">\n<div class=\"wp-block-column is-vertically-aligned-center is-layout-flow wp-block-column-is-layout-flow\" style=\"flex-basis:25%\"><figure class=\"wp-block-post-featured-image\"><a href=\"https:\/\/ffw-linswege.de\/?p=1145\" target=\"_self\"  ><img loading=\"lazy\" decoding=\"async\" width=\"1024\" height=\"1024\" src=\"https:\/\/ffw-linswege.de\/wp-content\/uploads\/2025\/06\/20250616_01.jpg\" class=\"attachment-post-thumbnail size-post-thumbnail wp-post-image\" alt=\"Kleine G\u00e4rtner ganz gro\u00df\" style=\"object-fit:cover;\" srcset=\"https:\/\/ffw-linswege.de\/wp-content\/uploads\/2025\/06\/20250616_01.jpg 1024w, https:\/\/ffw-linswege.de\/wp-content\/uploads\/2025\/06\/20250616_01-300x300.jpg 300w, https:\/\/ffw-linswege.de\/wp-content\/uploads\/2025\/06\/20250616_01-150x150.jpg 150w, https:\/\/ffw-linswege.de\/wp-content\/uploads\/2025\/06\/20250616_01-768x768.jpg 768w\" sizes=\"auto, (max-width: 1024px) 100vw, 1024px\" \/><\/a><\/figure><\/div>\n\n\n\n<div class=\"wp-block-column is-vertically-aligned-center is-layout-flow wp-block-column-is-layout-flow\" style=\"flex-basis:75%\"><h2 class=\"wp-block-post-title\"><a href=\"https:\/\/ffw-linswege.de\/?p=1145\" target=\"_self\" >Kleine G\u00e4rtner ganz gro\u00df<\/a><\/h2>\n\n<div class=\"wp-block-post-excerpt\"><p class=\"wp-block-post-excerpt__excerpt\">Unser Kinderfeuerwehr-Gem\u00fcsegarten bl\u00fcht auf! Im Fr\u00fchjahr haben die Kinder der Kinderfeuerwehr Linswege ein ganz besonderes Projekt gestartet: Gemeinsam mit ihren Betreuerinnen und Betreuern wurde auf dem Gel\u00e4nde der Feuerwehr ein Gem\u00fcsegarten angelegt. Mit viel Neugier, Eifer und schmutzigen H\u00e4nden ging es ans Werk \u2013 Beete wurden vorbereitet, Erde bewegt, Samen ges\u00e4t und kleine Pflanzen liebevoll&hellip; <\/p><\/div><\/div>\n<\/div>\n\n<\/li><li class=\"wp-block-post post-1120 post type-post status-publish format-standard has-post-thumbnail hentry category-einsatz category-hilfeleistung\">\n\n<div class=\"wp-block-columns are-vertically-aligned-center is-layout-flex wp-container-core-columns-is-layout-28f84493 wp-block-columns-is-layout-flex\">\n<div class=\"wp-block-column is-vertically-aligned-center is-layout-flow wp-block-column-is-layout-flow\" style=\"flex-basis:25%\"><figure class=\"wp-block-post-featured-image\"><a href=\"https:\/\/ffw-linswege.de\/?p=1120\" target=\"_self\"  ><img loading=\"lazy\" decoding=\"async\" width=\"1024\" height=\"1024\" src=\"https:\/\/ffw-linswege.de\/wp-content\/uploads\/2025\/06\/20250601_02.jpg\" class=\"attachment-post-thumbnail size-post-thumbnail wp-post-image\" alt=\"Einsatz: H1 &#8211; Hilfeleistung in Westerstede\" style=\"object-fit:cover;\" srcset=\"https:\/\/ffw-linswege.de\/wp-content\/uploads\/2025\/06\/20250601_02.jpg 1024w, https:\/\/ffw-linswege.de\/wp-content\/uploads\/2025\/06\/20250601_02-300x300.jpg 300w, https:\/\/ffw-linswege.de\/wp-content\/uploads\/2025\/06\/20250601_02-150x150.jpg 150w, https:\/\/ffw-linswege.de\/wp-content\/uploads\/2025\/06\/20250601_02-768x768.jpg 768w\" sizes=\"auto, (max-width: 1024px) 100vw, 1024px\" \/><\/a><\/figure><\/div>\n\n\n\n<div class=\"wp-block-column is-vertically-aligned-center is-layout-flow wp-block-column-is-layout-flow\" style=\"flex-basis:75%\"><h2 class=\"wp-block-post-title\"><a href=\"https:\/\/ffw-linswege.de\/?p=1120\" target=\"_self\" >Einsatz: H1 &#8211; Hilfeleistung in Westerstede<\/a><\/h2>\n\n<div class=\"wp-block-post-excerpt\"><p class=\"wp-block-post-excerpt__excerpt\">Am Sonntagnachmittag wurden alle neun Ortsfeuerwehren der Stadt Westerstede, darunter auch die Freiwillige Feuerwehr Linswege, zu einem besonderen Einsatz alarmiert. Statt eines Brandes oder Unwetterschadens galt es diesmal, die Fische in der Kleinen Norderb\u00e4ke zu retten. Passanten hatten beobachtet, dass zahlreiche Fische im Wasser nach Luft schnappten, und daraufhin die Feuerwehr verst\u00e4ndigt. Erste Messungen best\u00e4tigten&hellip; <\/p><\/div><\/div>\n<\/div>\n\n<\/li><li class=\"wp-block-post post-1129 post type-post status-publish format-standard has-post-thumbnail hentry category-einsatz category-hilfeleistung\">\n\n<div class=\"wp-block-columns are-vertically-aligned-center is-layout-flex wp-container-core-columns-is-layout-28f84493 wp-block-columns-is-layout-flex\">\n<div class=\"wp-block-column is-vertically-aligned-center is-layout-flow wp-block-column-is-layout-flow\" style=\"flex-basis:25%\"><figure class=\"wp-block-post-featured-image\"><a href=\"https:\/\/ffw-linswege.de\/?p=1129\" target=\"_self\"  ><img loading=\"lazy\" decoding=\"async\" width=\"1024\" height=\"1024\" src=\"https:\/\/ffw-linswege.de\/wp-content\/uploads\/2025\/02\/NoImage.jpg\" class=\"attachment-post-thumbnail size-post-thumbnail wp-post-image\" alt=\"Einsatz: H1 &#8211; T\u00fcr\u00f6ffnung\" style=\"object-fit:cover;\" srcset=\"https:\/\/ffw-linswege.de\/wp-content\/uploads\/2025\/02\/NoImage.jpg 1024w, https:\/\/ffw-linswege.de\/wp-content\/uploads\/2025\/02\/NoImage-300x300.jpg 300w, https:\/\/ffw-linswege.de\/wp-content\/uploads\/2025\/02\/NoImage-150x150.jpg 150w, https:\/\/ffw-linswege.de\/wp-content\/uploads\/2025\/02\/NoImage-768x768.jpg 768w\" sizes=\"auto, (max-width: 1024px) 100vw, 1024px\" \/><\/a><\/figure><\/div>\n\n\n\n<div class=\"wp-block-column is-vertically-aligned-center is-layout-flow wp-block-column-is-layout-flow\" style=\"flex-basis:75%\"><h2 class=\"wp-block-post-title\"><a href=\"https:\/\/ffw-linswege.de\/?p=1129\" target=\"_self\" >Einsatz: H1 &#8211; T\u00fcr\u00f6ffnung<\/a><\/h2>\n\n<div class=\"wp-block-post-excerpt\"><p class=\"wp-block-post-excerpt__excerpt\">Am Freitagvormittag, den 16. Mai 2025, wurden die Ortsfeuerwehr Linswege und die Feuerwehr Westerstede gemeinsam mit dem Rettungsdienst zu einer T\u00fcr\u00f6ffnung alarmiert. Eine Anruferin hatte gemeldet, dass sich vermutlich eine hilflose Person in einer verschlossenen Wohnung befindet und kein Zugang zur Wohnung m\u00f6glich ist. Mit dem Einsatzstichwort \u201ePerson hinter verschlossener T\u00fcr\u201c machten sich die Einsatzkr\u00e4fte&hellip; <\/p><\/div><\/div>\n<\/div>\n\n<\/li><li class=\"wp-block-post post-1110 post type-post status-publish format-standard has-post-thumbnail hentry category-einsatz category-hilfeleistung\">\n\n<div class=\"wp-block-columns are-vertically-aligned-center is-layout-flex wp-container-core-columns-is-layout-28f84493 wp-block-columns-is-layout-flex\">\n<div class=\"wp-block-column is-vertically-aligned-center is-layout-flow wp-block-column-is-layout-flow\" style=\"flex-basis:25%\"><figure class=\"wp-block-post-featured-image\"><a href=\"https:\/\/ffw-linswege.de\/?p=1110\" target=\"_self\"  ><img loading=\"lazy\" decoding=\"async\" width=\"1024\" height=\"1024\" src=\"https:\/\/ffw-linswege.de\/wp-content\/uploads\/2025\/05\/20250516_01.jpg\" class=\"attachment-post-thumbnail size-post-thumbnail wp-post-image\" alt=\"Einsatz: H1 &#8211; Baum auf Stra\u00dfe\" style=\"object-fit:cover;\" srcset=\"https:\/\/ffw-linswege.de\/wp-content\/uploads\/2025\/05\/20250516_01.jpg 1024w, https:\/\/ffw-linswege.de\/wp-content\/uploads\/2025\/05\/20250516_01-300x300.jpg 300w, https:\/\/ffw-linswege.de\/wp-content\/uploads\/2025\/05\/20250516_01-150x150.jpg 150w, https:\/\/ffw-linswege.de\/wp-content\/uploads\/2025\/05\/20250516_01-768x768.jpg 768w\" sizes=\"auto, (max-width: 1024px) 100vw, 1024px\" \/><\/a><\/figure><\/div>\n\n\n\n<div class=\"wp-block-column is-vertically-aligned-center is-layout-flow wp-block-column-is-layout-flow\" style=\"flex-basis:75%\"><h2 class=\"wp-block-post-title\"><a href=\"https:\/\/ffw-linswege.de\/?p=1110\" target=\"_self\" >Einsatz: H1 &#8211; Baum auf Stra\u00dfe<\/a><\/h2>\n\n<div class=\"wp-block-post-excerpt\"><p class=\"wp-block-post-excerpt__excerpt\">Am heutigen Morgen, um 8:14 Uhr, wurde die Freiwillige Feuerwehr Linswege zu einem Einsatz im L\u00f6schbezirk alarmiert. Grund der Alarmierung war ein umgest\u00fcrzter Baum, der eine Nebenstra\u00dfe blockierte. Unverz\u00fcglich machten sich unsere Einsatzkr\u00e4fte auf den Weg zur Einsatzstelle. Vor Ort best\u00e4tigte sich die Meldung: Ein mittelgro\u00dfer Baum lag quer \u00fcber die Stra\u00dfe und musste entfernt&hellip; <\/p><\/div><\/div>\n<\/div>\n\n<\/li><li class=\"wp-block-post post-1069 post type-post status-publish format-standard has-post-thumbnail hentry category-allgemein tag-25 tag-feier\">\n\n<div class=\"wp-block-columns are-vertically-aligned-center is-layout-flex wp-container-core-columns-is-layout-28f84493 wp-block-columns-is-layout-flex\">\n<div class=\"wp-block-column is-vertically-aligned-center is-layout-flow wp-block-column-is-layout-flow\" style=\"flex-basis:25%\"><figure class=\"wp-block-post-featured-image\"><a href=\"https:\/\/ffw-linswege.de\/?p=1069\" target=\"_self\"  ><img loading=\"lazy\" decoding=\"async\" width=\"1024\" height=\"1024\" src=\"https:\/\/ffw-linswege.de\/wp-content\/uploads\/2025\/04\/Titel100Jahre.jpg\" class=\"attachment-post-thumbnail size-post-thumbnail wp-post-image\" alt=\"Die Freiwillige Feuerwehr Linswege wird 100 Jahre!\" style=\"object-fit:cover;\" srcset=\"https:\/\/ffw-linswege.de\/wp-content\/uploads\/2025\/04\/Titel100Jahre.jpg 1024w, https:\/\/ffw-linswege.de\/wp-content\/uploads\/2025\/04\/Titel100Jahre-300x300.jpg 300w, https:\/\/ffw-linswege.de\/wp-content\/uploads\/2025\/04\/Titel100Jahre-150x150.jpg 150w, https:\/\/ffw-linswege.de\/wp-content\/uploads\/2025\/04\/Titel100Jahre-768x768.jpg 768w\" sizes=\"auto, (max-width: 1024px) 100vw, 1024px\" \/><\/a><\/figure><\/div>\n\n\n\n<div class=\"wp-block-column is-vertically-aligned-center is-layout-flow wp-block-column-is-layout-flow\" style=\"flex-basis:75%\"><h2 class=\"wp-block-post-title\"><a href=\"https:\/\/ffw-linswege.de\/?p=1069\" target=\"_self\" >Die Freiwillige Feuerwehr Linswege wird 100 Jahre!<\/a><\/h2>\n\n<div class=\"wp-block-post-excerpt\"><p class=\"wp-block-post-excerpt__excerpt\">Wir wollen mit euch feiern Am 21. Juni 2025 feiern wir das 100-j\u00e4hrige Bestehen der Freiwilligen Feuerwehr Linswege \u2013 und laden euch herzlich ein, diesen besonderen Tag mit uns zu erleben! Blaulichttag \u2013 Ein spannender Tag f\u00fcr Gro\u00df und Klein Ab 11:00 Uhr erwartet euch ein aufregender Blaulichttag mit vielen spannenden Aktionen. THW, DRK, Feuerwehr&hellip; <\/p><\/div><\/div>\n<\/div>\n\n<\/li><li class=\"wp-block-post post-1066 post type-post status-publish format-standard has-post-thumbnail hentry category-brandeinsatz category-einsatz\">\n\n<div class=\"wp-block-columns are-vertically-aligned-center is-layout-flex wp-container-core-columns-is-layout-28f84493 wp-block-columns-is-layout-flex\">\n<div class=\"wp-block-column is-vertically-aligned-center is-layout-flow wp-block-column-is-layout-flow\" style=\"flex-basis:25%\"><figure class=\"wp-block-post-featured-image\"><a href=\"https:\/\/ffw-linswege.de\/?p=1066\" target=\"_self\"  ><img loading=\"lazy\" decoding=\"async\" width=\"1152\" height=\"1152\" src=\"https:\/\/ffw-linswege.de\/wp-content\/uploads\/2025\/04\/19032025_01.jpg\" class=\"attachment-post-thumbnail size-post-thumbnail wp-post-image\" alt=\"Einsatz &#8211; Brandsicherheitswache\" style=\"object-fit:cover;\" srcset=\"https:\/\/ffw-linswege.de\/wp-content\/uploads\/2025\/04\/19032025_01.jpg 1152w, https:\/\/ffw-linswege.de\/wp-content\/uploads\/2025\/04\/19032025_01-300x300.jpg 300w, https:\/\/ffw-linswege.de\/wp-content\/uploads\/2025\/04\/19032025_01-1024x1024.jpg 1024w, https:\/\/ffw-linswege.de\/wp-content\/uploads\/2025\/04\/19032025_01-150x150.jpg 150w, https:\/\/ffw-linswege.de\/wp-content\/uploads\/2025\/04\/19032025_01-768x768.jpg 768w\" sizes=\"auto, (max-width: 1152px) 100vw, 1152px\" \/><\/a><\/figure><\/div>\n\n\n\n<div class=\"wp-block-column is-vertically-aligned-center is-layout-flow wp-block-column-is-layout-flow\" style=\"flex-basis:75%\"><h2 class=\"wp-block-post-title\"><a href=\"https:\/\/ffw-linswege.de\/?p=1066\" target=\"_self\" >Einsatz &#8211; Brandsicherheitswache<\/a><\/h2>\n\n<div class=\"wp-block-post-excerpt\"><p class=\"wp-block-post-excerpt__excerpt\">Nach dem Brand eines Wohngeb\u00e4udes am Abend des 19.03.2025 wurde die Feuerwehr Linswege zur \u00dcbernahme einer Brandsicherheitswache an der Einsatzstelle angefordert. Ziel einer solchen Ma\u00dfnahme ist es, m\u00f6gliche Glutnester im betroffenen Objekt fr\u00fchzeitig zu erkennen und erneute Brandausbr\u00fcche zu verhindern. Bereits bei der ersten Erkundung durch unsere Kameraden wurde deutlich, dass noch umfangreiche Nachl\u00f6scharbeiten notwendig&hellip; <\/p><\/div><\/div>\n<\/div>\n\n<\/li><li class=\"wp-block-post post-1097 post type-post status-publish format-standard has-post-thumbnail hentry category-einsatz category-hilfeleistung\">\n\n<div class=\"wp-block-columns are-vertically-aligned-center is-layout-flex wp-container-core-columns-is-layout-28f84493 wp-block-columns-is-layout-flex\">\n<div class=\"wp-block-column is-vertically-aligned-center is-layout-flow wp-block-column-is-layout-flow\" style=\"flex-basis:25%\"><figure class=\"wp-block-post-featured-image\"><a href=\"https:\/\/ffw-linswege.de\/?p=1097\" target=\"_self\"  ><img loading=\"lazy\" decoding=\"async\" width=\"1024\" height=\"1024\" src=\"https:\/\/ffw-linswege.de\/wp-content\/uploads\/2025\/02\/NoImage.jpg\" class=\"attachment-post-thumbnail size-post-thumbnail wp-post-image\" alt=\"Einsatz: VU &#8211; Eingeklemmte Person\" style=\"object-fit:cover;\" srcset=\"https:\/\/ffw-linswege.de\/wp-content\/uploads\/2025\/02\/NoImage.jpg 1024w, https:\/\/ffw-linswege.de\/wp-content\/uploads\/2025\/02\/NoImage-300x300.jpg 300w, https:\/\/ffw-linswege.de\/wp-content\/uploads\/2025\/02\/NoImage-150x150.jpg 150w, https:\/\/ffw-linswege.de\/wp-content\/uploads\/2025\/02\/NoImage-768x768.jpg 768w\" sizes=\"auto, (max-width: 1024px) 100vw, 1024px\" \/><\/a><\/figure><\/div>\n\n\n\n<div class=\"wp-block-column is-vertically-aligned-center is-layout-flow wp-block-column-is-layout-flow\" style=\"flex-basis:75%\"><h2 class=\"wp-block-post-title\"><a href=\"https:\/\/ffw-linswege.de\/?p=1097\" target=\"_self\" >Einsatz: VU &#8211; Eingeklemmte Person<\/a><\/h2>\n\n<div class=\"wp-block-post-excerpt\"><p class=\"wp-block-post-excerpt__excerpt\">Zu einem schweren Verkehrsunfall wurde die Feuerwehr Linswege am 03.03.2025 alarmiert. Ein Pkw war frontal gegen einen Baum geprallt, die Fahrerin wurde dabei in ihrem Fahrzeug eingeklemmt. Beim Eintreffen an der Einsatzstelle bot sich den Einsatzkr\u00e4ften ein klares Lagebild: Ein Pkw stand stark besch\u00e4digt direkt vor einem Baum, die Fahrerin war im Fahrzeug eingeschlossen und&hellip; <\/p><\/div><\/div>\n<\/div>\n\n<\/li><li class=\"wp-block-post post-1027 post type-post status-publish format-standard has-post-thumbnail hentry category-einsatz category-hilfeleistung\">\n\n<div class=\"wp-block-columns are-vertically-aligned-center is-layout-flex wp-container-core-columns-is-layout-28f84493 wp-block-columns-is-layout-flex\">\n<div class=\"wp-block-column is-vertically-aligned-center is-layout-flow wp-block-column-is-layout-flow\" style=\"flex-basis:25%\"><figure class=\"wp-block-post-featured-image\"><a href=\"https:\/\/ffw-linswege.de\/?p=1027\" target=\"_self\"  ><img loading=\"lazy\" decoding=\"async\" width=\"1024\" height=\"1024\" src=\"https:\/\/ffw-linswege.de\/wp-content\/uploads\/2025\/02\/20250211_01.jpg\" class=\"attachment-post-thumbnail size-post-thumbnail wp-post-image\" alt=\"Einsatz: H2 &#8211; VU LKW\" style=\"object-fit:cover;\" srcset=\"https:\/\/ffw-linswege.de\/wp-content\/uploads\/2025\/02\/20250211_01.jpg 1024w, https:\/\/ffw-linswege.de\/wp-content\/uploads\/2025\/02\/20250211_01-300x300.jpg 300w, https:\/\/ffw-linswege.de\/wp-content\/uploads\/2025\/02\/20250211_01-150x150.jpg 150w, https:\/\/ffw-linswege.de\/wp-content\/uploads\/2025\/02\/20250211_01-768x768.jpg 768w\" sizes=\"auto, (max-width: 1024px) 100vw, 1024px\" \/><\/a><\/figure><\/div>\n\n\n\n<div class=\"wp-block-column is-vertically-aligned-center is-layout-flow wp-block-column-is-layout-flow\" style=\"flex-basis:75%\"><h2 class=\"wp-block-post-title\"><a href=\"https:\/\/ffw-linswege.de\/?p=1027\" target=\"_self\" >Einsatz: H2 &#8211; VU LKW<\/a><\/h2>\n\n<div class=\"wp-block-post-excerpt\"><p class=\"wp-block-post-excerpt__excerpt\">Am Dienstag, den 11. Februar 2025, wurde die Feuerwehr Linswege zu einem schweren Verkehrsunfall mit mehreren beteiligten Fahrzeugen alarmiert. Der Unfall ereignete sich auf spiegelglatter Fahrbahn \u2013 pl\u00f6tzlich auftretende Glatteisbildung hatte f\u00fcr gef\u00e4hrliche Stra\u00dfenverh\u00e4ltnisse gesorgt und den Einsatzverlauf erheblich beeinflusst. Beim Eintreffen an der Einsatzstelle war die Feuerwehr Westerstede bereits gemeinsam mit dem Stadtbrandmeister vor&hellip; <\/p><\/div><\/div>\n<\/div>\n\n<\/li><\/ul>\n\n<nav class=\"has-link-color wp-elements-cd640f1139f0a4c5c58dc6c5e7edd1a5 wp-block-query-pagination has-text-color has-custom-feuerwehr-rot-color is-content-justification-center is-layout-flex wp-container-core-query-pagination-is-layout-a89b3969 wp-block-query-pagination-is-layout-flex\" aria-label=\"Seitennummerierung\">\n\n\n<div class=\"wp-block-query-pagination-numbers\"><span aria-current=\"page\" class=\"page-numbers current\">1<\/span>\n<a class=\"page-numbers\" href=\"?query-16-page=2&#038;rest_route=%2Fwp%2Fv2%2Fpages%2F49\">2<\/a>\n<a class=\"page-numbers\" href=\"?query-16-page=3&#038;rest_route=%2Fwp%2Fv2%2Fpages%2F49\">3<\/a>\n<a class=\"page-numbers\" href=\"?query-16-page=4&#038;rest_route=%2Fwp%2Fv2%2Fpages%2F49\">4<\/a><\/div>\n\n<a href=\"\/index.php?rest_route=%2Fwp%2Fv2%2Fpages%2F49&#038;query-16-page=2\" class=\"wp-block-query-pagination-next\">N\u00e4chste Seite<\/a>\n<\/nav><\/div>\n\n\n\n<p><\/p>\n","protected":false},"excerpt":{"rendered":"<p>Unsere Beitr\u00e4ge<\/p>\n","protected":false},"author":2,"featured_media":0,"parent":0,"menu_order":4,"comment_status":"closed","ping_status":"closed","template":"","meta":{"footnotes":""},"class_list":["post-49","page","type-page","status-publish","hentry"],"_links":{"self":[{"href":"https:\/\/ffw-linswege.de\/index.php?rest_route=\/wp\/v2\/pages\/49","targetHints":{"allow":["GET"]}}],"collection":[{"href":"https:\/\/ffw-linswege.de\/index.php?rest_route=\/wp\/v2\/pages"}],"about":[{"href":"https:\/\/ffw-linswege.de\/index.php?rest_route=\/wp\/v2\/types\/page"}],"author":[{"embeddable":true,"href":"https:\/\/ffw-linswege.de\/index.php?rest_route=\/wp\/v2\/users\/2"}],"replies":[{"embeddable":true,"href":"https:\/\/ffw-linswege.de\/index.php?rest_route=%2Fwp%2Fv2%2Fcomments&post=49"}],"version-history":[{"count":13,"href":"https:\/\/ffw-linswege.de\/index.php?rest_route=\/wp\/v2\/pages\/49\/revisions"}],"predecessor-version":[{"id":965,"href":"https:\/\/ffw-linswege.de\/index.php?rest_route=\/wp\/v2\/pages\/49\/revisions\/965"}],"wp:attachment":[{"href":"https:\/\/ffw-linswege.de\/index.php?rest_route=%2Fwp%2Fv2%2Fmedia&parent=49"}],"curies":[{"name":"wp","href":"https:\/\/api.w.org\/{rel}","templated":true}]}}